{"id":2284,"date":"2026-08-17T10:33:47","date_gmt":"2026-08-17T13:33:47","guid":{"rendered":"https:\/\/www.metodorolf.org\/?page_id=2284"},"modified":"2026-08-24T19:16:33","modified_gmt":"2026-08-24T22:16:33","slug":"sobre-o-metodo-rolf","status":"publish","type":"page","link":"https:\/\/www.metodorolf.org\/","title":{"rendered":"Sobre o M\u00e9todo Rolf"},"content":{"rendered":"<div id=\"pl-2284\"  class=\"panel-layout\" ><div id=\"pg-2284-0\"  class=\"panel-grid panel-no-style\" ><div id=\"pgc-2284-0-0\"  class=\"panel-grid-cell\" ><div id=\"panel-2284-0-0-0\" class=\"so-panel widget widget_circleicon-widget panel-first-child panel-last-child\" data-index=\"0\" >\t\t<div class=\"circle-icon-box circle-icon-position-top circle-icon-hide-box circle-icon-size-small \">\n\t\t\t\t\t\t\t<div class=\"circle-icon-wrapper\">\n\t\t\t\t\t\t\t\t\t\t<div class=\"circle-icon icon-style-set\" style=\"background-color: #1e73be\">\n\t\t\t\t\t\t\t\t\t\t\t\t\t<div\n\t\t\t\t\t\t\t\tclass=\"fa fa-asterisk  icon-style-set\"\n\t\t\t\t\t\t\t\tstyle=\"color: #8224e3\"\t\t\t\t\t\t\t><\/div>\n\t\t\t\t\t\t\t\t\t\t\t<\/div>\n\t\t\t\t\t\t\t\t\t<\/div>\n\t\t\t\n\t\t\t\t\t\t\t\t\t\t<h4 >\n\t\t\t\t\tPrinc\u00edpio b\u00e1sico\t\t\t\t<\/h4>\n\t\t\t\t\t\t\n\t\t\t\t\t\t\t<p class=\"text\" >\n\t\t\t\tEstrutura vertical segmentada, o corpo \u00e9 uma unidade funcional. Por isso, problemas nos p\u00e9s ou nas pernas, por exemplo, impactam e modificam o corpo inteiro. E, de forma inversa, a causa de uma dor na coluna lombar nem sempre est\u00e1 onde a dor est\u00e1. Nos dois sentidos, uma resposta consistente para o problema exige a reorganiza\u00e7\u00e3o e o realinhamento completos do corpo: trabalhar o conflito em busca de harmonia e bem-estar\t\t\t<\/p>\n\t\t\t\t\t\t\t\t<\/div>\n\t\t<\/div><\/div><div id=\"pgc-2284-0-1\"  class=\"panel-grid-cell\" ><div id=\"panel-2284-0-1-0\" class=\"so-panel widget widget_circleicon-widget panel-first-child panel-last-child\" data-index=\"1\" >\t\t<div class=\"circle-icon-box circle-icon-position-top circle-icon-hide-box circle-icon-size-small \">\n\t\t\t\t\t\t\t<div class=\"circle-icon-wrapper\">\n\t\t\t\t\t\t\t\t\t\t<div class=\"circle-icon icon-style-set\" style=\"background-color: #1e73be\">\n\t\t\t\t\t\t\t\t\t\t\t\t\t<div\n\t\t\t\t\t\t\t\tclass=\"fa fa-asterisk  icon-style-set\"\n\t\t\t\t\t\t\t\tstyle=\"color: #aa71e2\"\t\t\t\t\t\t\t><\/div>\n\t\t\t\t\t\t\t\t\t\t\t<\/div>\n\t\t\t\t\t\t\t\t\t<\/div>\n\t\t\t\n\t\t\t\t\t\t\t\t\t\t<h4 >\n\t\t\t\t\tIndica\u00e7\u00f5es\t\t\t\t<\/h4>\n\t\t\t\t\t\t\n\t\t\t\t\t\t\t<p class=\"text\" >\n\t\t\t\tDor, desconforto e cansa\u00e7o cr\u00f4nicos s\u00e3o sinais de conflito entre os segmentos que comp\u00f5em o corpo. S\u00e3o indicadores de que a estrutura corporal est\u00e1 perdendo a luta para se manter coesa e em funcionamento. Tens\u00e3o e estresse s\u00e3o tamb\u00e9m sinais de que o corpo requer ajuda para encontrar um modo mais harmonioso e econ\u00f4mico, e reaver a capacidade de alternar entre trabalho e repouso, seu ciclo natural de funcionamento.\t\t\t<\/p>\n\t\t\t\t\t\t\t\t<\/div>\n\t\t<\/div><\/div><div id=\"pgc-2284-0-2\"  class=\"panel-grid-cell\" ><div id=\"panel-2284-0-2-0\" class=\"so-panel widget widget_circleicon-widget panel-first-child panel-last-child\" data-index=\"2\" >\t\t<div class=\"circle-icon-box circle-icon-position-top circle-icon-hide-box circle-icon-size-small \">\n\t\t\t\t\t\t\t<div class=\"circle-icon-wrapper\">\n\t\t\t\t\t\t\t\t\t\t<div class=\"circle-icon icon-style-set\" style=\"background-color: #1e73be\">\n\t\t\t\t\t\t\t\t\t\t\t\t\t<div\n\t\t\t\t\t\t\t\tclass=\"fa fa-asterisk  icon-style-set\"\n\t\t\t\t\t\t\t\tstyle=\"color: #aa71e2\"\t\t\t\t\t\t\t><\/div>\n\t\t\t\t\t\t\t\t\t\t\t<\/div>\n\t\t\t\t\t\t\t\t\t<\/div>\n\t\t\t\n\t\t\t\t\t\t\t\t\t\t<h4 >\n\t\t\t\t\tAs dez sess\u00f5es\t\t\t\t<\/h4>\n\t\t\t\t\t\t\n\t\t\t\t\t\t\t<p class=\"text\" >\n\t\t\t\tO M\u00e9todo Rolf \u00e9 praticado a partir de em uma s\u00e9rie de 10 sess\u00f5es, conforme princ\u00edpios criados pela dra. Ida Rolf. As sess\u00f5es t\u00eam uma sequ\u00eancia l\u00f3gica, que conduz o trabalho da superf\u00edcie ao centro do corpo, sempre respeitando necessidades e caracter\u00edsticas individuais de cada cliente. Ao final da s\u00e9rie, torna-se vis\u00edvel a evolu\u00e7\u00e3o no alinhamento e o movimento mais coordenado e consciente da estrutura corporal.\t\t\t<\/p>\n\t\t\t\t\t\t\t\t<\/div>\n\t\t<\/div><\/div><\/div><div id=\"pg-2284-1\"  class=\"panel-grid panel-has-style\" ><div class=\"wide-grey panel-row-style panel-row-style-for-2284-1\" ><div id=\"pgc-2284-1-0\"  class=\"panel-grid-cell\" ><div id=\"panel-2284-1-0-0\" class=\"so-panel widget widget_headline-widget panel-first-child panel-last-child\" data-index=\"3\" ><div class=\"panel-widget-style panel-widget-style-for-2284-1-0-0\" >\t\t<h1>Integra\u00e7\u00e3o Estrutural<\/h1>\n\t\t<div class=\"decoration\"><div class=\"decoration-inside\"><\/div><\/div>\n\t\t<h3>Uma estrutura corporal integrada se expressa por meio de movimentos fluentes, coordenados e conscientemente orientados, em harmonia com seu centro de gravidade comum \u2013 a p\u00e9lvis -\u00a0 com simplicidade, facilidade e eleg\u00e2ncia . Os movimentos compreendem a marcha, a respira\u00e7\u00e3o e qualquer outro pr\u00f3prio da atividade humana, no laser, no esporte e no trabalho.<\/h3>\n\t\t<\/div><\/div><\/div><\/div><\/div><div id=\"pg-2284-2\"  class=\"panel-grid panel-no-style\" ><div id=\"pgc-2284-2-0\"  class=\"panel-grid-cell\" ><div id=\"panel-2284-2-0-0\" class=\"so-panel widget widget_circleicon-widget panel-first-child panel-last-child\" data-index=\"4\" >\t\t<div class=\"circle-icon-box circle-icon-position-top circle-icon-hide-box circle-icon-size-small \">\n\t\t\t\t\t\t\t<div class=\"circle-icon-wrapper\">\n\t\t\t\t\t\t\t\t\t\t<a href=\"https:\/\/www.metodorolf.org\/?page_id=2233\" class=\"link-icon\" >\t\t\t\t\t<div class=\"circle-icon icon-style-set\" style=\"background-color: #1e73be\">\n\t\t\t\t\t\t\t\t\t\t\t\t\t<div\n\t\t\t\t\t\t\t\tclass=\"fa fa-address-card  icon-style-set\"\n\t\t\t\t\t\t\t\tstyle=\"color: #8224e3\"\t\t\t\t\t\t\t><\/div>\n\t\t\t\t\t\t\t\t\t\t\t<\/div>\n\t\t\t\t\t<\/a>\t\t\t\t<\/div>\n\t\t\t\n\t\t\t\t\t\t\t<a\n\t\t\t\t\thref=\"https:\/\/www.metodorolf.org\/?page_id=2233\"\n\t\t\t\t\tclass=\"link-title\" \t\t\t\t>\n\t\t\t\t\t\t\t\t\t\t<h4 >\n\t\t\t\t\tENCONTRE UM PROFISSIONAL\t\t\t\t<\/h4>\n\t\t\t\t\t\t\t\t\t\t<\/a>\n\t\t\t\n\t\t\t\t\t\t\t\t\t\t<a\n\t\t\t\t\thref=\"https:\/\/www.metodorolf.org\/?page_id=2233\"\n\t\t\t\t\tclass=\"more-button\"\n\t\t\t\t\t\t\t\t\t>\n\t\t\t\t\tClique Aqui\t\t\t\t\t<i><\/i>\n\t\t\t\t<\/a>\n\t\t\t\t\t<\/div>\n\t\t<\/div><\/div><\/div><div id=\"pg-2284-3\"  class=\"panel-grid panel-no-style\" ><div id=\"pgc-2284-3-0\"  class=\"panel-grid-cell\" ><div id=\"panel-2284-3-0-0\" class=\"so-panel widget widget_media_image panel-first-child panel-last-child\" data-index=\"5\" ><img loading=\"lazy\" decoding=\"async\" width=\"300\" height=\"98\" src=\"https:\/\/www.metodorolf.org\/wp-content\/uploads\/2026\/08\/tornozelo-300x98.jpg\" class=\"image wp-image-2290  attachment-medium size-medium\" alt=\"\" style=\"max-width: 100%; height: auto;\" srcset=\"https:\/\/www.metodorolf.org\/wp-content\/uploads\/2026\/08\/tornozelo-300x98.jpg 300w, https:\/\/www.metodorolf.org\/wp-content\/uploads\/2026\/08\/tornozelo.jpg 430w\" sizes=\"auto, (max-width: 300px) 100vw, 300px\" \/><\/div><\/div><div id=\"pgc-2284-3-1\"  class=\"panel-grid-cell\" ><div id=\"panel-2284-3-1-0\" class=\"so-panel widget widget_media_image panel-first-child panel-last-child\" data-index=\"6\" ><img loading=\"lazy\" decoding=\"async\" width=\"300\" height=\"98\" src=\"https:\/\/www.metodorolf.org\/wp-content\/uploads\/2026\/08\/img02-300x98.gif\" class=\"image wp-image-2295  attachment-medium size-medium\" alt=\"\" style=\"max-width: 100%; height: auto;\" \/><\/div><\/div><div id=\"pgc-2284-3-2\"  class=\"panel-grid-cell\" ><div id=\"panel-2284-3-2-0\" class=\"so-panel widget widget_media_image panel-first-child panel-last-child\" data-index=\"7\" ><img loading=\"lazy\" decoding=\"async\" width=\"300\" height=\"98\" src=\"https:\/\/www.metodorolf.org\/wp-content\/uploads\/2026\/08\/dobrar-300x98.jpg\" class=\"image wp-image-2292  attachment-medium size-medium\" alt=\"\" style=\"max-width: 100%; height: auto;\" srcset=\"https:\/\/www.metodorolf.org\/wp-content\/uploads\/2026\/08\/dobrar-300x98.jpg 300w, https:\/\/www.metodorolf.org\/wp-content\/uploads\/2026\/08\/dobrar.jpg 430w\" sizes=\"auto, (max-width: 300px) 100vw, 300px\" \/><\/div><\/div><\/div><\/div>","protected":false},"excerpt":{"rendered":"<p>Princ\u00edpio b\u00e1sico Estrutura vertical segmentada, o corpo \u00e9 uma unidade funcional. Por isso, problemas nos p\u00e9s ou nas pernas, por exemplo, impactam e modificam o corpo inteiro. E, de forma inversa, a causa de uma dor na coluna lombar nem sempre est\u00e1 onde a dor est\u00e1. Nos dois sentidos, uma resposta consistente para o problema [&hellip;]<\/p>\n","protected":false},"author":1,"featured_media":0,"parent":0,"menu_order":0,"comment_status":"closed","ping_status":"closed","template":"home-panels.php","meta":{"footnotes":""},"class_list":["post-2284","page","type-page","status-publish","hentry","post"],"_links":{"self":[{"href":"https:\/\/www.metodorolf.org\/index.php?rest_route=\/wp\/v2\/pages\/2284","targetHints":{"allow":["GET"]}}],"collection":[{"href":"https:\/\/www.metodorolf.org\/index.php?rest_route=\/wp\/v2\/pages"}],"about":[{"href":"https:\/\/www.metodorolf.org\/index.php?rest_route=\/wp\/v2\/types\/page"}],"author":[{"embeddable":true,"href":"https:\/\/www.metodorolf.org\/index.php?rest_route=\/wp\/v2\/users\/1"}],"replies":[{"embeddable":true,"href":"https:\/\/www.metodorolf.org\/index.php?rest_route=%2Fwp%2Fv2%2Fcomments&post=2284"}],"version-history":[{"count":1,"href":"https:\/\/www.metodorolf.org\/index.php?rest_route=\/wp\/v2\/pages\/2284\/revisions"}],"predecessor-version":[{"id":2286,"href":"https:\/\/www.metodorolf.org\/index.php?rest_route=\/wp\/v2\/pages\/2284\/revisions\/2286"}],"wp:attachment":[{"href":"https:\/\/www.metodorolf.org\/index.php?rest_route=%2Fwp%2Fv2%2Fmedia&parent=2284"}],"curies":[{"name":"wp","href":"https:\/\/api.w.org\/{rel}","templated":true}]}}